{"id":394,"date":"2021-03-03T02:25:52","date_gmt":"2021-03-03T02:25:52","guid":{"rendered":"https:\/\/bartoszsklodowski.com\/biography\/"},"modified":"2023-12-10T15:21:14","modified_gmt":"2023-12-10T14:21:14","slug":"biography","status":"publish","type":"page","link":"https:\/\/bartoszsklodowski.com\/pl\/biography\/","title":{"rendered":"BIOGRAFIA"},"content":{"rendered":"<div data-elementor-type=\"wp-page\" data-elementor-id=\"394\" class=\"elementor elementor-394\">\n\t\t\t\t\t\t<section class=\"elementor-section elementor-top-section elementor-element elementor-element-d8d5da8 elementor-section-boxed elementor-section-height-default elementor-section-height-default\" data-id=\"d8d5da8\" data-element_type=\"section\">\n\t\t\t\t\t\t<div class=\"elementor-container elementor-column-gap-no\">\n\t\t\t\t\t<div class=\"elementor-column elementor-col-100 elementor-top-column elementor-element elementor-element-5d02d36\" data-id=\"5d02d36\" data-element_type=\"column\">\n\t\t\t<div class=\"elementor-widget-wrap elementor-element-populated\">\n\t\t\t\t\t\t<div class=\"elementor-element elementor-element-c797f68 elementor-widget elementor-widget-heading\" data-id=\"c797f68\" data-element_type=\"widget\" data-widget_type=\"heading.default\">\n\t\t\t\t<div class=\"elementor-widget-container\">\n\t\t\t<style>\/*! elementor - v3.23.0 - 15-07-2024 *\/\n.elementor-heading-title{padding:0;margin:0;line-height:1}.elementor-widget-heading .elementor-heading-title[class*=elementor-size-]>a{color:inherit;font-size:inherit;line-height:inherit}.elementor-widget-heading .elementor-heading-title.elementor-size-small{font-size:15px}.elementor-widget-heading .elementor-heading-title.elementor-size-medium{font-size:19px}.elementor-widget-heading .elementor-heading-title.elementor-size-large{font-size:29px}.elementor-widget-heading .elementor-heading-title.elementor-size-xl{font-size:39px}.elementor-widget-heading .elementor-heading-title.elementor-size-xxl{font-size:59px}<\/style><h1 class=\"elementor-heading-title elementor-size-default\">BIOGRAFIA<\/h1>\t\t<\/div>\n\t\t\t\t<\/div>\n\t\t\t\t<div class=\"elementor-element elementor-element-3e8c75f elementor-widget elementor-widget-image\" data-id=\"3e8c75f\" data-element_type=\"widget\" data-widget_type=\"image.default\">\n\t\t\t\t<div class=\"elementor-widget-container\">\n\t\t\t<style>\/*! elementor - v3.23.0 - 15-07-2024 *\/\n.elementor-widget-image{text-align:center}.elementor-widget-image a{display:inline-block}.elementor-widget-image a img[src$=\".svg\"]{width:48px}.elementor-widget-image img{vertical-align:middle;display:inline-block}<\/style>\t\t\t\t\t\t\t\t\t\t<img fetchpriority=\"high\" decoding=\"async\" width=\"1920\" height=\"1081\" src=\"https:\/\/bartoszsklodowski.com\/wp-content\/uploads\/2022\/07\/cropped-dubai-expo-polski-pawilon-scaled-1.jpg\" class=\"attachment-full size-full wp-image-19\" alt=\"\" srcset=\"https:\/\/bartoszsklodowski.com\/wp-content\/uploads\/2022\/07\/cropped-dubai-expo-polski-pawilon-scaled-1.jpg 1920w, https:\/\/bartoszsklodowski.com\/wp-content\/uploads\/2022\/07\/cropped-dubai-expo-polski-pawilon-scaled-1-300x169.jpg 300w, https:\/\/bartoszsklodowski.com\/wp-content\/uploads\/2022\/07\/cropped-dubai-expo-polski-pawilon-scaled-1-1024x577.jpg 1024w, https:\/\/bartoszsklodowski.com\/wp-content\/uploads\/2022\/07\/cropped-dubai-expo-polski-pawilon-scaled-1-768x432.jpg 768w, https:\/\/bartoszsklodowski.com\/wp-content\/uploads\/2022\/07\/cropped-dubai-expo-polski-pawilon-scaled-1-1536x865.jpg 1536w\" sizes=\"(max-width: 1920px) 100vw, 1920px\" \/>\t\t\t\t\t\t\t\t\t\t\t\t\t<\/div>\n\t\t\t\t<\/div>\n\t\t\t\t<section class=\"elementor-section elementor-inner-section elementor-element elementor-element-5b53ec6 elementor-section-boxed elementor-section-height-default elementor-section-height-default\" data-id=\"5b53ec6\" data-element_type=\"section\">\n\t\t\t\t\t\t<div class=\"elementor-container elementor-column-gap-no\">\n\t\t\t\t\t<div class=\"elementor-column elementor-col-100 elementor-inner-column elementor-element elementor-element-aa70106\" data-id=\"aa70106\" data-element_type=\"column\">\n\t\t\t<div class=\"elementor-widget-wrap elementor-element-populated\">\n\t\t\t\t\t\t<div class=\"elementor-element elementor-element-a6633ba elementor-widget elementor-widget-heading\" data-id=\"a6633ba\" data-element_type=\"widget\" data-widget_type=\"heading.default\">\n\t\t\t\t<div class=\"elementor-widget-container\">\n\t\t\t<h2 class=\"elementor-heading-title elementor-size-default\">BIOGRAFIA<\/h2>\t\t<\/div>\n\t\t\t\t<\/div>\n\t\t\t\t<div class=\"elementor-element elementor-element-a9fd274 elementor-widget elementor-widget-text-editor\" data-id=\"a9fd274\" data-element_type=\"widget\" data-widget_type=\"text-editor.default\">\n\t\t\t\t<div class=\"elementor-widget-container\">\n\t\t\t<style>\/*! elementor - v3.23.0 - 15-07-2024 *\/\n.elementor-widget-text-editor.elementor-drop-cap-view-stacked .elementor-drop-cap{background-color:#69727d;color:#fff}.elementor-widget-text-editor.elementor-drop-cap-view-framed .elementor-drop-cap{color:#69727d;border:3px solid;background-color:transparent}.elementor-widget-text-editor:not(.elementor-drop-cap-view-default) .elementor-drop-cap{margin-top:8px}.elementor-widget-text-editor:not(.elementor-drop-cap-view-default) .elementor-drop-cap-letter{width:1em;height:1em}.elementor-widget-text-editor .elementor-drop-cap{float:left;text-align:center;line-height:1;font-size:50px}.elementor-widget-text-editor .elementor-drop-cap-letter{display:inline-block}<\/style>\t\t\t\t<p>EDUKACJA I OSI\u0104GNI\u0118CIA<\/p>\t\t\t\t\t\t<\/div>\n\t\t\t\t<\/div>\n\t\t\t\t<div class=\"elementor-element elementor-element-95f9afd elementor-widget elementor-widget-image-box\" data-id=\"95f9afd\" data-element_type=\"widget\" data-widget_type=\"image-box.default\">\n\t\t\t\t<div class=\"elementor-widget-container\">\n\t\t\t<style>\/*! elementor - v3.23.0 - 15-07-2024 *\/\n.elementor-widget-image-box .elementor-image-box-content{width:100%}@media (min-width:768px){.elementor-widget-image-box.elementor-position-left .elementor-image-box-wrapper,.elementor-widget-image-box.elementor-position-right .elementor-image-box-wrapper{display:flex}.elementor-widget-image-box.elementor-position-right .elementor-image-box-wrapper{text-align:end;flex-direction:row-reverse}.elementor-widget-image-box.elementor-position-left .elementor-image-box-wrapper{text-align:start;flex-direction:row}.elementor-widget-image-box.elementor-position-top .elementor-image-box-img{margin:auto}.elementor-widget-image-box.elementor-vertical-align-top .elementor-image-box-wrapper{align-items:flex-start}.elementor-widget-image-box.elementor-vertical-align-middle .elementor-image-box-wrapper{align-items:center}.elementor-widget-image-box.elementor-vertical-align-bottom .elementor-image-box-wrapper{align-items:flex-end}}@media (max-width:767px){.elementor-widget-image-box .elementor-image-box-img{margin-left:auto!important;margin-right:auto!important;margin-bottom:15px}}.elementor-widget-image-box .elementor-image-box-img{display:inline-block}.elementor-widget-image-box .elementor-image-box-title a{color:inherit}.elementor-widget-image-box .elementor-image-box-wrapper{text-align:center}.elementor-widget-image-box .elementor-image-box-description{margin:0}<\/style><div class=\"elementor-image-box-wrapper\"><div class=\"elementor-image-box-content\"><h3 class=\"elementor-image-box-title\">2000-2012<\/h3><p class=\"elementor-image-box-description\">Bartosz Sk\u0142odowski rozpocz\u0105\u0142 edukacj\u0119 muzyczn\u0105 w wieku 7 lat w Podstawowej Szkole Muzycznej im. Janiny Gar\u015bcii w Jeleniej G\u00f3rze w klasie fortepianu Ewy Wieczorek.\nW latach 2006-2012 uczy\u0142 si\u0119 gry na fortepianie w klasie fortepianu Iriny Oleszkiewicz w Pa\u0144stwowej Szkole Muzycznej II st. im. Stanis\u0142awa Moniuszki w Jeleniej G\u00f3rze. Obie szko\u0142y uko\u0144czy\u0142 z wyr\u00f3\u017cnieniem.<\/p><\/div><\/div>\t\t<\/div>\n\t\t\t\t<\/div>\n\t\t\t\t<div class=\"elementor-element elementor-element-f24a93c elementor-widget elementor-widget-image-box\" data-id=\"f24a93c\" data-element_type=\"widget\" data-widget_type=\"image-box.default\">\n\t\t\t\t<div class=\"elementor-widget-container\">\n\t\t\t<div class=\"elementor-image-box-wrapper\"><div class=\"elementor-image-box-content\"><h3 class=\"elementor-image-box-title\">2012-2017<\/h3><p class=\"elementor-image-box-description\">Pianista kontynuowa\u0142 edukacj\u0119 w Akademii Muzycznej im. Stanis\u0142awa Moniuszki, kt\u00f3r\u0105 uko\u0144czy\u0142 z wyr\u00f3\u017cnieniem pod kierunkiem prof. Waldemara Wojtala. <\/p><\/div><\/div>\t\t<\/div>\n\t\t\t\t<\/div>\n\t\t\t\t<div class=\"elementor-element elementor-element-db834d9 elementor-widget elementor-widget-image-box\" data-id=\"db834d9\" data-element_type=\"widget\" data-widget_type=\"image-box.default\">\n\t\t\t\t<div class=\"elementor-widget-container\">\n\t\t\t<div class=\"elementor-image-box-wrapper\"><div class=\"elementor-image-box-content\"><h3 class=\"elementor-image-box-title\">2017-2022<\/h3><p class=\"elementor-image-box-description\">W 2017 roku rozpocz\u0105\u0142 studia doktoranckie w Akademii Muzycznej im. Stanis\u0142awa Moniuszki w Gda\u0144sku pod kierunkiem prof. Waldemar Wojtala, uzyskuj\u0105c w 2022 roku stopie\u0144 Doktora Sztuk Muzycznych.<\/p><\/div><\/div>\t\t<\/div>\n\t\t\t\t<\/div>\n\t\t\t\t\t<\/div>\n\t\t<\/div>\n\t\t\t\t\t<\/div>\n\t\t<\/section>\n\t\t\t\t\t<\/div>\n\t\t<\/div>\n\t\t\t\t\t<\/div>\n\t\t<\/section>\n\t\t\t\t<section class=\"elementor-section elementor-top-section elementor-element elementor-element-a2115c6 elementor-section-full_width elementor-section-content-middle elementor-section-height-default elementor-section-height-default\" data-id=\"a2115c6\" data-element_type=\"section\">\n\t\t\t\t\t\t<div class=\"elementor-container elementor-column-gap-wide\">\n\t\t\t\t\t<div class=\"elementor-column elementor-col-20 elementor-top-column elementor-element elementor-element-cb926b8\" data-id=\"cb926b8\" data-element_type=\"column\">\n\t\t\t<div class=\"elementor-widget-wrap elementor-element-populated\">\n\t\t\t\t\t\t<div class=\"elementor-element elementor-element-523eef0 elementor-widget elementor-widget-image\" data-id=\"523eef0\" data-element_type=\"widget\" data-widget_type=\"image.default\">\n\t\t\t\t<div class=\"elementor-widget-container\">\n\t\t\t\t\t\t\t\t\t\t\t\t\t<img decoding=\"async\" width=\"2048\" height=\"1367\" src=\"https:\/\/bartoszsklodowski.com\/wp-content\/uploads\/2022\/07\/muzeum-chopin-3.jpg\" class=\"attachment-full size-full wp-image-712\" alt=\"\" srcset=\"https:\/\/bartoszsklodowski.com\/wp-content\/uploads\/2022\/07\/muzeum-chopin-3.jpg 2048w, https:\/\/bartoszsklodowski.com\/wp-content\/uploads\/2022\/07\/muzeum-chopin-3-300x200.jpg 300w, https:\/\/bartoszsklodowski.com\/wp-content\/uploads\/2022\/07\/muzeum-chopin-3-1024x684.jpg 1024w, https:\/\/bartoszsklodowski.com\/wp-content\/uploads\/2022\/07\/muzeum-chopin-3-768x513.jpg 768w, https:\/\/bartoszsklodowski.com\/wp-content\/uploads\/2022\/07\/muzeum-chopin-3-1536x1025.jpg 1536w\" sizes=\"(max-width: 2048px) 100vw, 2048px\" \/>\t\t\t\t\t\t\t\t\t\t\t\t\t<\/div>\n\t\t\t\t<\/div>\n\t\t\t\t\t<\/div>\n\t\t<\/div>\n\t\t\t\t<div class=\"elementor-column elementor-col-20 elementor-top-column elementor-element elementor-element-7ecdd38\" data-id=\"7ecdd38\" data-element_type=\"column\">\n\t\t\t<div class=\"elementor-widget-wrap elementor-element-populated\">\n\t\t\t\t\t\t<div class=\"elementor-element elementor-element-c3a56fb elementor-widget elementor-widget-image\" data-id=\"c3a56fb\" data-element_type=\"widget\" data-widget_type=\"image.default\">\n\t\t\t\t<div class=\"elementor-widget-container\">\n\t\t\t\t\t\t\t\t\t\t\t\t\t<img decoding=\"async\" width=\"1707\" height=\"2560\" src=\"https:\/\/bartoszsklodowski.com\/wp-content\/uploads\/2022\/07\/dubai-expo-gra-scaled.jpg\" class=\"attachment-full size-full wp-image-721\" alt=\"\" srcset=\"https:\/\/bartoszsklodowski.com\/wp-content\/uploads\/2022\/07\/dubai-expo-gra-scaled.jpg 1707w, https:\/\/bartoszsklodowski.com\/wp-content\/uploads\/2022\/07\/dubai-expo-gra-200x300.jpg 200w, https:\/\/bartoszsklodowski.com\/wp-content\/uploads\/2022\/07\/dubai-expo-gra-683x1024.jpg 683w, https:\/\/bartoszsklodowski.com\/wp-content\/uploads\/2022\/07\/dubai-expo-gra-768x1152.jpg 768w, https:\/\/bartoszsklodowski.com\/wp-content\/uploads\/2022\/07\/dubai-expo-gra-1024x1536.jpg 1024w, https:\/\/bartoszsklodowski.com\/wp-content\/uploads\/2022\/07\/dubai-expo-gra-1365x2048.jpg 1365w\" sizes=\"(max-width: 1707px) 100vw, 1707px\" \/>\t\t\t\t\t\t\t\t\t\t\t\t\t<\/div>\n\t\t\t\t<\/div>\n\t\t\t\t\t<\/div>\n\t\t<\/div>\n\t\t\t\t<div class=\"elementor-column elementor-col-20 elementor-top-column elementor-element elementor-element-7a57aa3\" data-id=\"7a57aa3\" data-element_type=\"column\">\n\t\t\t<div class=\"elementor-widget-wrap elementor-element-populated\">\n\t\t\t\t\t\t<div class=\"elementor-element elementor-element-e34ff9e elementor-widget elementor-widget-image\" data-id=\"e34ff9e\" data-element_type=\"widget\" data-widget_type=\"image.default\">\n\t\t\t\t<div class=\"elementor-widget-container\">\n\t\t\t\t\t\t\t\t\t\t\t\t\t<img loading=\"lazy\" decoding=\"async\" width=\"2048\" height=\"1367\" src=\"https:\/\/bartoszsklodowski.com\/wp-content\/uploads\/2022\/07\/muzeum-chopin-5.jpg\" class=\"attachment-full size-full wp-image-714\" alt=\"\" srcset=\"https:\/\/bartoszsklodowski.com\/wp-content\/uploads\/2022\/07\/muzeum-chopin-5.jpg 2048w, https:\/\/bartoszsklodowski.com\/wp-content\/uploads\/2022\/07\/muzeum-chopin-5-300x200.jpg 300w, https:\/\/bartoszsklodowski.com\/wp-content\/uploads\/2022\/07\/muzeum-chopin-5-1024x684.jpg 1024w, https:\/\/bartoszsklodowski.com\/wp-content\/uploads\/2022\/07\/muzeum-chopin-5-768x513.jpg 768w, https:\/\/bartoszsklodowski.com\/wp-content\/uploads\/2022\/07\/muzeum-chopin-5-1536x1025.jpg 1536w\" sizes=\"(max-width: 2048px) 100vw, 2048px\" \/>\t\t\t\t\t\t\t\t\t\t\t\t\t<\/div>\n\t\t\t\t<\/div>\n\t\t\t\t\t<\/div>\n\t\t<\/div>\n\t\t\t\t<div class=\"elementor-column elementor-col-20 elementor-top-column elementor-element elementor-element-c71a635\" data-id=\"c71a635\" data-element_type=\"column\">\n\t\t\t<div class=\"elementor-widget-wrap elementor-element-populated\">\n\t\t\t\t\t\t<div class=\"elementor-element elementor-element-24e13a7 elementor-widget elementor-widget-image\" data-id=\"24e13a7\" data-element_type=\"widget\" data-widget_type=\"image.default\">\n\t\t\t\t<div class=\"elementor-widget-container\">\n\t\t\t\t\t\t\t\t\t\t\t\t\t<img loading=\"lazy\" decoding=\"async\" width=\"1708\" height=\"2560\" src=\"https:\/\/bartoszsklodowski.com\/wp-content\/uploads\/2022\/07\/dubai-expo-gra-2-scaled.jpg\" class=\"attachment-full size-full wp-image-722\" alt=\"\" srcset=\"https:\/\/bartoszsklodowski.com\/wp-content\/uploads\/2022\/07\/dubai-expo-gra-2-scaled.jpg 1708w, https:\/\/bartoszsklodowski.com\/wp-content\/uploads\/2022\/07\/dubai-expo-gra-2-200x300.jpg 200w, https:\/\/bartoszsklodowski.com\/wp-content\/uploads\/2022\/07\/dubai-expo-gra-2-683x1024.jpg 683w, https:\/\/bartoszsklodowski.com\/wp-content\/uploads\/2022\/07\/dubai-expo-gra-2-768x1151.jpg 768w, https:\/\/bartoszsklodowski.com\/wp-content\/uploads\/2022\/07\/dubai-expo-gra-2-1025x1536.jpg 1025w, https:\/\/bartoszsklodowski.com\/wp-content\/uploads\/2022\/07\/dubai-expo-gra-2-1366x2048.jpg 1366w\" sizes=\"(max-width: 1708px) 100vw, 1708px\" \/>\t\t\t\t\t\t\t\t\t\t\t\t\t<\/div>\n\t\t\t\t<\/div>\n\t\t\t\t\t<\/div>\n\t\t<\/div>\n\t\t\t\t<div class=\"elementor-column elementor-col-20 elementor-top-column elementor-element elementor-element-a4a5c19\" data-id=\"a4a5c19\" data-element_type=\"column\">\n\t\t\t<div class=\"elementor-widget-wrap elementor-element-populated\">\n\t\t\t\t\t\t<div class=\"elementor-element elementor-element-1e84fb4 elementor-widget elementor-widget-image\" data-id=\"1e84fb4\" data-element_type=\"widget\" data-widget_type=\"image.default\">\n\t\t\t\t<div class=\"elementor-widget-container\">\n\t\t\t\t\t\t\t\t\t\t\t\t\t<img loading=\"lazy\" decoding=\"async\" width=\"2048\" height=\"1367\" src=\"https:\/\/bartoszsklodowski.com\/wp-content\/uploads\/2022\/07\/muzeum-chopin-2.jpg\" class=\"attachment-full size-full wp-image-711\" alt=\"\" srcset=\"https:\/\/bartoszsklodowski.com\/wp-content\/uploads\/2022\/07\/muzeum-chopin-2.jpg 2048w, https:\/\/bartoszsklodowski.com\/wp-content\/uploads\/2022\/07\/muzeum-chopin-2-300x200.jpg 300w, https:\/\/bartoszsklodowski.com\/wp-content\/uploads\/2022\/07\/muzeum-chopin-2-1024x684.jpg 1024w, https:\/\/bartoszsklodowski.com\/wp-content\/uploads\/2022\/07\/muzeum-chopin-2-768x513.jpg 768w, https:\/\/bartoszsklodowski.com\/wp-content\/uploads\/2022\/07\/muzeum-chopin-2-1536x1025.jpg 1536w\" sizes=\"(max-width: 2048px) 100vw, 2048px\" \/>\t\t\t\t\t\t\t\t\t\t\t\t\t<\/div>\n\t\t\t\t<\/div>\n\t\t\t\t\t<\/div>\n\t\t<\/div>\n\t\t\t\t\t<\/div>\n\t\t<\/section>\n\t\t\t\t<section class=\"elementor-section elementor-top-section elementor-element elementor-element-eef89c8 elementor-section-boxed elementor-section-height-default elementor-section-height-default\" data-id=\"eef89c8\" data-element_type=\"section\">\n\t\t\t\t\t\t<div class=\"elementor-container elementor-column-gap-no\">\n\t\t\t\t\t<div class=\"elementor-column elementor-col-100 elementor-top-column elementor-element elementor-element-6507f88\" data-id=\"6507f88\" data-element_type=\"column\">\n\t\t\t<div class=\"elementor-widget-wrap elementor-element-populated\">\n\t\t\t\t\t\t<div class=\"elementor-element elementor-element-e5a666b elementor-widget elementor-widget-heading\" data-id=\"e5a666b\" data-element_type=\"widget\" data-widget_type=\"heading.default\">\n\t\t\t\t<div class=\"elementor-widget-container\">\n\t\t\t<h2 class=\"elementor-heading-title elementor-size-default\">Osi\u0105gni\u0119cia<\/h2>\t\t<\/div>\n\t\t\t\t<\/div>\n\t\t\t\t<div class=\"elementor-element elementor-element-7d86ee9 elementor-widget elementor-widget-text-editor\" data-id=\"7d86ee9\" data-element_type=\"widget\" data-widget_type=\"text-editor.default\">\n\t\t\t\t<div class=\"elementor-widget-container\">\n\t\t\t\t\t\t\t<p>Konkursy, Festiwale i Koncerty<\/p>\t\t\t\t\t\t<\/div>\n\t\t\t\t<\/div>\n\t\t\t\t<section class=\"elementor-section elementor-inner-section elementor-element elementor-element-f6f61ba elementor-section-boxed elementor-section-height-default elementor-section-height-default\" data-id=\"f6f61ba\" data-element_type=\"section\">\n\t\t\t\t\t\t<div class=\"elementor-container elementor-column-gap-no\">\n\t\t\t\t\t<div class=\"elementor-column elementor-col-33 elementor-inner-column elementor-element elementor-element-b0f8790\" data-id=\"b0f8790\" data-element_type=\"column\">\n\t\t\t<div class=\"elementor-widget-wrap elementor-element-populated\">\n\t\t\t\t\t\t<div class=\"elementor-element elementor-element-2e2538d elementor-widget elementor-widget-heading\" data-id=\"2e2538d\" data-element_type=\"widget\" data-widget_type=\"heading.default\">\n\t\t\t\t<div class=\"elementor-widget-container\">\n\t\t\t<h2 class=\"elementor-heading-title elementor-size-default\">2010<\/h2>\t\t<\/div>\n\t\t\t\t<\/div>\n\t\t\t\t<div class=\"elementor-element elementor-element-fa4b27d elementor-widget elementor-widget-heading\" data-id=\"fa4b27d\" data-element_type=\"widget\" data-widget_type=\"heading.default\">\n\t\t\t\t<div class=\"elementor-widget-container\">\n\t\t\t<h5 class=\"elementor-heading-title elementor-size-default\">II miejsce na Mi\u0119dzynarodowym Konkursie Ars Nova<\/h5>\t\t<\/div>\n\t\t\t\t<\/div>\n\t\t\t\t<div class=\"elementor-element elementor-element-3f6863a elementor-widget elementor-widget-text-editor\" data-id=\"3f6863a\" data-element_type=\"widget\" data-widget_type=\"text-editor.default\">\n\t\t\t\t<div class=\"elementor-widget-container\">\n\t\t\t\t\t\t\t<p>Triest, W\u0142ochy<\/p>\t\t\t\t\t\t<\/div>\n\t\t\t\t<\/div>\n\t\t\t\t\t<\/div>\n\t\t<\/div>\n\t\t\t\t<div class=\"elementor-column elementor-col-33 elementor-inner-column elementor-element elementor-element-f08d341\" data-id=\"f08d341\" data-element_type=\"column\">\n\t\t\t<div class=\"elementor-widget-wrap elementor-element-populated\">\n\t\t\t\t\t\t<div class=\"elementor-element elementor-element-e74cce5 elementor-widget elementor-widget-heading\" data-id=\"e74cce5\" data-element_type=\"widget\" data-widget_type=\"heading.default\">\n\t\t\t\t<div class=\"elementor-widget-container\">\n\t\t\t<h2 class=\"elementor-heading-title elementor-size-default\">2011<\/h2>\t\t<\/div>\n\t\t\t\t<\/div>\n\t\t\t\t<div class=\"elementor-element elementor-element-f5cfd42 elementor-widget elementor-widget-heading\" data-id=\"f5cfd42\" data-element_type=\"widget\" data-widget_type=\"heading.default\">\n\t\t\t\t<div class=\"elementor-widget-container\">\n\t\t\t<h5 class=\"elementor-heading-title elementor-size-default\">Grand Prix i Nagroda Specjalna Ambasady RP w Lublanie na Mi\u0119dzynarodowym Konkursie \"Chopin Golden Ring\"<\/h5>\t\t<\/div>\n\t\t\t\t<\/div>\n\t\t\t\t<div class=\"elementor-element elementor-element-264c608 elementor-widget elementor-widget-text-editor\" data-id=\"264c608\" data-element_type=\"widget\" data-widget_type=\"text-editor.default\">\n\t\t\t\t<div class=\"elementor-widget-container\">\n\t\t\t\t\t\t\t<p>Radovljica, S\u0142owenia<\/p>\t\t\t\t\t\t<\/div>\n\t\t\t\t<\/div>\n\t\t\t\t\t<\/div>\n\t\t<\/div>\n\t\t\t\t<div class=\"elementor-column elementor-col-33 elementor-inner-column elementor-element elementor-element-87b3a04\" data-id=\"87b3a04\" data-element_type=\"column\">\n\t\t\t<div class=\"elementor-widget-wrap elementor-element-populated\">\n\t\t\t\t\t\t<div class=\"elementor-element elementor-element-0f5aed5 elementor-widget elementor-widget-heading\" data-id=\"0f5aed5\" data-element_type=\"widget\" data-widget_type=\"heading.default\">\n\t\t\t\t<div class=\"elementor-widget-container\">\n\t\t\t<h2 class=\"elementor-heading-title elementor-size-default\">2016<\/h2>\t\t<\/div>\n\t\t\t\t<\/div>\n\t\t\t\t<div class=\"elementor-element elementor-element-c82c22c elementor-widget elementor-widget-heading\" data-id=\"c82c22c\" data-element_type=\"widget\" data-widget_type=\"heading.default\">\n\t\t\t\t<div class=\"elementor-widget-container\">\n\t\t\t<h5 class=\"elementor-heading-title elementor-size-default\">4TH Place at the 14th International Competition \"Premio Citta' di Padova\", June 2016<\/h5>\t\t<\/div>\n\t\t\t\t<\/div>\n\t\t\t\t<div class=\"elementor-element elementor-element-a1f98f7 elementor-widget elementor-widget-text-editor\" data-id=\"a1f98f7\" data-element_type=\"widget\" data-widget_type=\"text-editor.default\">\n\t\t\t\t<div class=\"elementor-widget-container\">\n\t\t\t\t\t\t\t<p>Padwa, W\u0142ochy<\/p>\t\t\t\t\t\t<\/div>\n\t\t\t\t<\/div>\n\t\t\t\t\t<\/div>\n\t\t<\/div>\n\t\t\t\t\t<\/div>\n\t\t<\/section>\n\t\t\t\t<section class=\"elementor-section elementor-inner-section elementor-element elementor-element-acf7b81 elementor-section-boxed elementor-section-height-default elementor-section-height-default\" data-id=\"acf7b81\" data-element_type=\"section\">\n\t\t\t\t\t\t<div class=\"elementor-container elementor-column-gap-no\">\n\t\t\t\t\t<div class=\"elementor-column elementor-col-33 elementor-inner-column elementor-element elementor-element-d3f32cf\" data-id=\"d3f32cf\" data-element_type=\"column\">\n\t\t\t<div class=\"elementor-widget-wrap elementor-element-populated\">\n\t\t\t\t\t\t<div class=\"elementor-element elementor-element-d8d13f4 elementor-widget elementor-widget-heading\" data-id=\"d8d13f4\" data-element_type=\"widget\" data-widget_type=\"heading.default\">\n\t\t\t\t<div class=\"elementor-widget-container\">\n\t\t\t<h2 class=\"elementor-heading-title elementor-size-default\">2017<\/h2>\t\t<\/div>\n\t\t\t\t<\/div>\n\t\t\t\t<div class=\"elementor-element elementor-element-6e63d03 elementor-widget elementor-widget-heading\" data-id=\"6e63d03\" data-element_type=\"widget\" data-widget_type=\"heading.default\">\n\t\t\t\t<div class=\"elementor-widget-container\">\n\t\t\t<h5 class=\"elementor-heading-title elementor-size-default\">I miejsce i nagroda publiczno\u015bci na konkursie \"Mauro Paolo Monopoli\u201d<\/h5>\t\t<\/div>\n\t\t\t\t<\/div>\n\t\t\t\t<div class=\"elementor-element elementor-element-ceb5b5a elementor-widget elementor-widget-text-editor\" data-id=\"ceb5b5a\" data-element_type=\"widget\" data-widget_type=\"text-editor.default\">\n\t\t\t\t<div class=\"elementor-widget-container\">\n\t\t\t\t\t\t\t<p>Barletta, W\u0142ochy<\/p>\t\t\t\t\t\t<\/div>\n\t\t\t\t<\/div>\n\t\t\t\t\t<\/div>\n\t\t<\/div>\n\t\t\t\t<div class=\"elementor-column elementor-col-33 elementor-inner-column elementor-element elementor-element-c8a3838\" data-id=\"c8a3838\" data-element_type=\"column\">\n\t\t\t<div class=\"elementor-widget-wrap elementor-element-populated\">\n\t\t\t\t\t\t<div class=\"elementor-element elementor-element-775bf4e elementor-widget elementor-widget-heading\" data-id=\"775bf4e\" data-element_type=\"widget\" data-widget_type=\"heading.default\">\n\t\t\t\t<div class=\"elementor-widget-container\">\n\t\t\t<h2 class=\"elementor-heading-title elementor-size-default\">2017<\/h2>\t\t<\/div>\n\t\t\t\t<\/div>\n\t\t\t\t<div class=\"elementor-element elementor-element-ea49f0b elementor-widget elementor-widget-heading\" data-id=\"ea49f0b\" data-element_type=\"widget\" data-widget_type=\"heading.default\">\n\t\t\t\t<div class=\"elementor-widget-container\">\n\t\t\t<h5 class=\"elementor-heading-title elementor-size-default\">Tytu\u0142 \u201eLaureata M\u0142odej Estrady\u201d oraz dwie nagrody specjalne na 51. Festiwalu Pianistyki Polskiej, wrzesie\u0144 2017<\/h5>\t\t<\/div>\n\t\t\t\t<\/div>\n\t\t\t\t<div class=\"elementor-element elementor-element-37973d1 elementor-widget elementor-widget-text-editor\" data-id=\"37973d1\" data-element_type=\"widget\" data-widget_type=\"text-editor.default\">\n\t\t\t\t<div class=\"elementor-widget-container\">\n\t\t\t\t\t\t\t<p>S\u0142upsk, Polska<\/p>\t\t\t\t\t\t<\/div>\n\t\t\t\t<\/div>\n\t\t\t\t\t<\/div>\n\t\t<\/div>\n\t\t\t\t<div class=\"elementor-column elementor-col-33 elementor-inner-column elementor-element elementor-element-855954f\" data-id=\"855954f\" data-element_type=\"column\">\n\t\t\t<div class=\"elementor-widget-wrap elementor-element-populated\">\n\t\t\t\t\t\t<div class=\"elementor-element elementor-element-c015f2e elementor-widget elementor-widget-heading\" data-id=\"c015f2e\" data-element_type=\"widget\" data-widget_type=\"heading.default\">\n\t\t\t\t<div class=\"elementor-widget-container\">\n\t\t\t<h2 class=\"elementor-heading-title elementor-size-default\">2018<\/h2>\t\t<\/div>\n\t\t\t\t<\/div>\n\t\t\t\t<div class=\"elementor-element elementor-element-ad59fca elementor-widget elementor-widget-heading\" data-id=\"ad59fca\" data-element_type=\"widget\" data-widget_type=\"heading.default\">\n\t\t\t\t<div class=\"elementor-widget-container\">\n\t\t\t<h5 class=\"elementor-heading-title elementor-size-default\">Recital solowy na Festiwalu Lublana, <br>8 MARCA 2018, Vite\u0161ka dvorana, Kri\u017eanke<\/h5>\t\t<\/div>\n\t\t\t\t<\/div>\n\t\t\t\t<div class=\"elementor-element elementor-element-796fe63 elementor-widget elementor-widget-text-editor\" data-id=\"796fe63\" data-element_type=\"widget\" data-widget_type=\"text-editor.default\">\n\t\t\t\t<div class=\"elementor-widget-container\">\n\t\t\t\t\t\t\t<p>Lublana, S\u0142owenia<\/p>\t\t\t\t\t\t<\/div>\n\t\t\t\t<\/div>\n\t\t\t\t\t<\/div>\n\t\t<\/div>\n\t\t\t\t\t<\/div>\n\t\t<\/section>\n\t\t\t\t<section class=\"elementor-section elementor-inner-section elementor-element elementor-element-32aa0d0 elementor-section-boxed elementor-section-height-default elementor-section-height-default\" data-id=\"32aa0d0\" data-element_type=\"section\">\n\t\t\t\t\t\t<div class=\"elementor-container elementor-column-gap-no\">\n\t\t\t\t\t<div class=\"elementor-column elementor-col-33 elementor-inner-column elementor-element elementor-element-5b8015e\" data-id=\"5b8015e\" data-element_type=\"column\">\n\t\t\t<div class=\"elementor-widget-wrap elementor-element-populated\">\n\t\t\t\t\t\t<div class=\"elementor-element elementor-element-d2429b7 elementor-widget elementor-widget-heading\" data-id=\"d2429b7\" data-element_type=\"widget\" data-widget_type=\"heading.default\">\n\t\t\t\t<div class=\"elementor-widget-container\">\n\t\t\t<h2 class=\"elementor-heading-title elementor-size-default\">2018<\/h2>\t\t<\/div>\n\t\t\t\t<\/div>\n\t\t\t\t<div class=\"elementor-element elementor-element-27a5a15 elementor-widget elementor-widget-heading\" data-id=\"27a5a15\" data-element_type=\"widget\" data-widget_type=\"heading.default\">\n\t\t\t\t<div class=\"elementor-widget-container\">\n\t\t\t<h5 class=\"elementor-heading-title elementor-size-default\">Recital solowy na Festiwalu \u201eAutunno Musicale: Talenti Internazionali\u201d, \n<br>21 pa\u017adziernika 2018, Chiesa di Sant'Antonio<\/h5>\t\t<\/div>\n\t\t\t\t<\/div>\n\t\t\t\t<div class=\"elementor-element elementor-element-81041ce elementor-widget elementor-widget-text-editor\" data-id=\"81041ce\" data-element_type=\"widget\" data-widget_type=\"text-editor.default\">\n\t\t\t\t<div class=\"elementor-widget-container\">\n\t\t\t\t\t\t\t<p>Barletta, W\u0142ochy<\/p>\t\t\t\t\t\t<\/div>\n\t\t\t\t<\/div>\n\t\t\t\t\t<\/div>\n\t\t<\/div>\n\t\t\t\t<div class=\"elementor-column elementor-col-33 elementor-inner-column elementor-element elementor-element-29636b1\" data-id=\"29636b1\" data-element_type=\"column\">\n\t\t\t<div class=\"elementor-widget-wrap elementor-element-populated\">\n\t\t\t\t\t\t<div class=\"elementor-element elementor-element-fede64a elementor-widget elementor-widget-heading\" data-id=\"fede64a\" data-element_type=\"widget\" data-widget_type=\"heading.default\">\n\t\t\t\t<div class=\"elementor-widget-container\">\n\t\t\t<h2 class=\"elementor-heading-title elementor-size-default\">2018<\/h2>\t\t<\/div>\n\t\t\t\t<\/div>\n\t\t\t\t<div class=\"elementor-element elementor-element-96b47e8 elementor-widget elementor-widget-heading\" data-id=\"96b47e8\" data-element_type=\"widget\" data-widget_type=\"heading.default\">\n\t\t\t\t<div class=\"elementor-widget-container\">\n\t\t\t<h5 class=\"elementor-heading-title elementor-size-default\">Koncert z Orkiestr\u0105 Symfoniczn\u0105 w Tajpej,\n10 grudnia 2018, Zhongshan Hall w Taipei\n<\/h5>\t\t<\/div>\n\t\t\t\t<\/div>\n\t\t\t\t<div class=\"elementor-element elementor-element-bd7d33a elementor-widget elementor-widget-text-editor\" data-id=\"bd7d33a\" data-element_type=\"widget\" data-widget_type=\"text-editor.default\">\n\t\t\t\t<div class=\"elementor-widget-container\">\n\t\t\t\t\t\t\t<p>(Tajpej, Tajwan)<\/p>\t\t\t\t\t\t<\/div>\n\t\t\t\t<\/div>\n\t\t\t\t\t<\/div>\n\t\t<\/div>\n\t\t\t\t<div class=\"elementor-column elementor-col-33 elementor-inner-column elementor-element elementor-element-bb60012\" data-id=\"bb60012\" data-element_type=\"column\">\n\t\t\t<div class=\"elementor-widget-wrap elementor-element-populated\">\n\t\t\t\t\t\t<div class=\"elementor-element elementor-element-8da91f1 elementor-widget elementor-widget-heading\" data-id=\"8da91f1\" data-element_type=\"widget\" data-widget_type=\"heading.default\">\n\t\t\t\t<div class=\"elementor-widget-container\">\n\t\t\t<h2 class=\"elementor-heading-title elementor-size-default\">2019<\/h2>\t\t<\/div>\n\t\t\t\t<\/div>\n\t\t\t\t<div class=\"elementor-element elementor-element-fa704d9 elementor-widget elementor-widget-heading\" data-id=\"fa704d9\" data-element_type=\"widget\" data-widget_type=\"heading.default\">\n\t\t\t\t<div class=\"elementor-widget-container\">\n\t\t\t<h5 class=\"elementor-heading-title elementor-size-default\">Tytu\u0142 p\u00f3\u0142finalisty \u201eMoroccan Philharmonic Orchestra Competition\u201d i wyst\u0119p z Orkiestr\u0105 Filharmonii Maroka\u0144skiej, marzec 2019<\/h5>\t\t<\/div>\n\t\t\t\t<\/div>\n\t\t\t\t<div class=\"elementor-element elementor-element-ac6311b elementor-widget elementor-widget-text-editor\" data-id=\"ac6311b\" data-element_type=\"widget\" data-widget_type=\"text-editor.default\">\n\t\t\t\t<div class=\"elementor-widget-container\">\n\t\t\t\t\t\t\t<p>Rabat, Maroko<\/p>\t\t\t\t\t\t<\/div>\n\t\t\t\t<\/div>\n\t\t\t\t\t<\/div>\n\t\t<\/div>\n\t\t\t\t\t<\/div>\n\t\t<\/section>\n\t\t\t\t<section class=\"elementor-section elementor-inner-section elementor-element elementor-element-398c56f elementor-section-boxed elementor-section-height-default elementor-section-height-default\" data-id=\"398c56f\" data-element_type=\"section\">\n\t\t\t\t\t\t<div class=\"elementor-container elementor-column-gap-no\">\n\t\t\t\t\t<div class=\"elementor-column elementor-col-33 elementor-inner-column elementor-element elementor-element-2b3422b\" data-id=\"2b3422b\" data-element_type=\"column\">\n\t\t\t<div class=\"elementor-widget-wrap elementor-element-populated\">\n\t\t\t\t\t\t<div class=\"elementor-element elementor-element-e3ee7be elementor-widget elementor-widget-heading\" data-id=\"e3ee7be\" data-element_type=\"widget\" data-widget_type=\"heading.default\">\n\t\t\t\t<div class=\"elementor-widget-container\">\n\t\t\t<h2 class=\"elementor-heading-title elementor-size-default\">2019<\/h2>\t\t<\/div>\n\t\t\t\t<\/div>\n\t\t\t\t<div class=\"elementor-element elementor-element-6095d15 elementor-widget elementor-widget-heading\" data-id=\"6095d15\" data-element_type=\"widget\" data-widget_type=\"heading.default\">\n\t\t\t\t<div class=\"elementor-widget-container\">\n\t\t\t<h5 class=\"elementor-heading-title elementor-size-default\">Recital solowy na\n74. Mi\u0119dzynarodowy Festiwal Chopinowski, 10.08.2019, Duszniki Zdr\u00f3j<\/h5>\t\t<\/div>\n\t\t\t\t<\/div>\n\t\t\t\t<div class=\"elementor-element elementor-element-b29ffe6 elementor-widget elementor-widget-text-editor\" data-id=\"b29ffe6\" data-element_type=\"widget\" data-widget_type=\"text-editor.default\">\n\t\t\t\t<div class=\"elementor-widget-container\">\n\t\t\t\t\t\t\t<p>Duszniki Zdr\u00f3j, Polska<\/p>\t\t\t\t\t\t<\/div>\n\t\t\t\t<\/div>\n\t\t\t\t\t<\/div>\n\t\t<\/div>\n\t\t\t\t<div class=\"elementor-column elementor-col-33 elementor-inner-column elementor-element elementor-element-f597464\" data-id=\"f597464\" data-element_type=\"column\">\n\t\t\t<div class=\"elementor-widget-wrap elementor-element-populated\">\n\t\t\t\t\t\t<div class=\"elementor-element elementor-element-c2b1030 elementor-widget elementor-widget-heading\" data-id=\"c2b1030\" data-element_type=\"widget\" data-widget_type=\"heading.default\">\n\t\t\t\t<div class=\"elementor-widget-container\">\n\t\t\t<h2 class=\"elementor-heading-title elementor-size-default\">2020<\/h2>\t\t<\/div>\n\t\t\t\t<\/div>\n\t\t\t\t<div class=\"elementor-element elementor-element-e8941fb elementor-widget elementor-widget-heading\" data-id=\"e8941fb\" data-element_type=\"widget\" data-widget_type=\"heading.default\">\n\t\t\t\t<div class=\"elementor-widget-container\">\n\t\t\t<h5 class=\"elementor-heading-title elementor-size-default\">Recital solowy na\n74. Mi\u0119dzynarodowy Festiwal Chopinowski, 10.08.2019, Duszniki Zdr\u00f3j <br>20 lipca 2019, Duszniki Zdr\u00f3j<\/h5>\t\t<\/div>\n\t\t\t\t<\/div>\n\t\t\t\t<div class=\"elementor-element elementor-element-6a44f48 elementor-widget elementor-widget-text-editor\" data-id=\"6a44f48\" data-element_type=\"widget\" data-widget_type=\"text-editor.default\">\n\t\t\t\t<div class=\"elementor-widget-container\">\n\t\t\t\t\t\t\t<p>Duszniki Zdr\u00f3j, Polska<\/p>\t\t\t\t\t\t<\/div>\n\t\t\t\t<\/div>\n\t\t\t\t\t<\/div>\n\t\t<\/div>\n\t\t\t\t<div class=\"elementor-column elementor-col-33 elementor-inner-column elementor-element elementor-element-626cdbc\" data-id=\"626cdbc\" data-element_type=\"column\">\n\t\t\t<div class=\"elementor-widget-wrap elementor-element-populated\">\n\t\t\t\t\t\t<div class=\"elementor-element elementor-element-fc236fe elementor-widget elementor-widget-heading\" data-id=\"fc236fe\" data-element_type=\"widget\" data-widget_type=\"heading.default\">\n\t\t\t\t<div class=\"elementor-widget-container\">\n\t\t\t<h2 class=\"elementor-heading-title elementor-size-default\">2021<\/h2>\t\t<\/div>\n\t\t\t\t<\/div>\n\t\t\t\t<div class=\"elementor-element elementor-element-5ffa6f8 elementor-widget elementor-widget-heading\" data-id=\"5ffa6f8\" data-element_type=\"widget\" data-widget_type=\"heading.default\">\n\t\t\t\t<div class=\"elementor-widget-container\">\n\t\t\t<h5 class=\"elementor-heading-title elementor-size-default\">Recitale solowe w Pawilonie Polskim podczas Expo 2020 Dubaj, listopad 2021 (Dubaj, Zjednoczone Emiraty Arabskie)<\/h5>\t\t<\/div>\n\t\t\t\t<\/div>\n\t\t\t\t<div class=\"elementor-element elementor-element-9d6de87 elementor-widget elementor-widget-text-editor\" data-id=\"9d6de87\" data-element_type=\"widget\" data-widget_type=\"text-editor.default\">\n\t\t\t\t<div class=\"elementor-widget-container\">\n\t\t\t\t\t\t\t<p>Dubaj, Zjednoczone Emiraty Arabskie<\/p>\t\t\t\t\t\t<\/div>\n\t\t\t\t<\/div>\n\t\t\t\t\t<\/div>\n\t\t<\/div>\n\t\t\t\t\t<\/div>\n\t\t<\/section>\n\t\t\t\t<section class=\"elementor-section elementor-inner-section elementor-element elementor-element-d8c6bd9 elementor-section-boxed elementor-section-height-default elementor-section-height-default\" data-id=\"d8c6bd9\" data-element_type=\"section\">\n\t\t\t\t\t\t<div class=\"elementor-container elementor-column-gap-no\">\n\t\t\t\t\t<div class=\"elementor-column elementor-col-33 elementor-inner-column elementor-element elementor-element-4a34ce2\" data-id=\"4a34ce2\" data-element_type=\"column\">\n\t\t\t<div class=\"elementor-widget-wrap elementor-element-populated\">\n\t\t\t\t\t\t<div class=\"elementor-element elementor-element-4690c1a elementor-widget elementor-widget-heading\" data-id=\"4690c1a\" data-element_type=\"widget\" data-widget_type=\"heading.default\">\n\t\t\t\t<div class=\"elementor-widget-container\">\n\t\t\t<h2 class=\"elementor-heading-title elementor-size-default\">2022<\/h2>\t\t<\/div>\n\t\t\t\t<\/div>\n\t\t\t\t<div class=\"elementor-element elementor-element-b36ea17 elementor-widget elementor-widget-heading\" data-id=\"b36ea17\" data-element_type=\"widget\" data-widget_type=\"heading.default\">\n\t\t\t\t<div class=\"elementor-widget-container\">\n\t\t\t<h5 class=\"elementor-heading-title elementor-size-default\">Recitale solowe w Muzeum Fryderyka Chopina w Warszawie, 25-26 czerwca, Warszawa<\/h5>\t\t<\/div>\n\t\t\t\t<\/div>\n\t\t\t\t<div class=\"elementor-element elementor-element-94c25cc elementor-widget elementor-widget-text-editor\" data-id=\"94c25cc\" data-element_type=\"widget\" data-widget_type=\"text-editor.default\">\n\t\t\t\t<div class=\"elementor-widget-container\">\n\t\t\t\t\t\t\t<p>Warszawa, Polska<\/p>\t\t\t\t\t\t<\/div>\n\t\t\t\t<\/div>\n\t\t\t\t\t<\/div>\n\t\t<\/div>\n\t\t\t\t<div class=\"elementor-column elementor-col-33 elementor-inner-column elementor-element elementor-element-21d3580\" data-id=\"21d3580\" data-element_type=\"column\">\n\t\t\t<div class=\"elementor-widget-wrap elementor-element-populated\">\n\t\t\t\t\t\t<div class=\"elementor-element elementor-element-9b27565 elementor-widget elementor-widget-heading\" data-id=\"9b27565\" data-element_type=\"widget\" data-widget_type=\"heading.default\">\n\t\t\t\t<div class=\"elementor-widget-container\">\n\t\t\t<h2 class=\"elementor-heading-title elementor-size-default\">2022<\/h2>\t\t<\/div>\n\t\t\t\t<\/div>\n\t\t\t\t<div class=\"elementor-element elementor-element-ff5c448 elementor-widget elementor-widget-heading\" data-id=\"ff5c448\" data-element_type=\"widget\" data-widget_type=\"heading.default\">\n\t\t\t\t<div class=\"elementor-widget-container\">\n\t\t\t<h5 class=\"elementor-heading-title elementor-size-default\">Recitale solowe w Domu Urodzenia Fryderyka Chopina w \u017belazowej Woli, 16 lipca 2022 r. <br>16 lipca 2022, \u017belazowa Wola<\/h5>\t\t<\/div>\n\t\t\t\t<\/div>\n\t\t\t\t<div class=\"elementor-element elementor-element-2392828 elementor-widget elementor-widget-text-editor\" data-id=\"2392828\" data-element_type=\"widget\" data-widget_type=\"text-editor.default\">\n\t\t\t\t<div class=\"elementor-widget-container\">\n\t\t\t\t\t\t\t<p>(\u017belazowa Wola, Polska)<\/p>\t\t\t\t\t\t<\/div>\n\t\t\t\t<\/div>\n\t\t\t\t\t<\/div>\n\t\t<\/div>\n\t\t\t\t<div class=\"elementor-column elementor-col-33 elementor-inner-column elementor-element elementor-element-1932378\" data-id=\"1932378\" data-element_type=\"column\">\n\t\t\t<div class=\"elementor-widget-wrap elementor-element-populated\">\n\t\t\t\t\t\t<div class=\"elementor-element elementor-element-c876360 elementor-widget elementor-widget-heading\" data-id=\"c876360\" data-element_type=\"widget\" data-widget_type=\"heading.default\">\n\t\t\t\t<div class=\"elementor-widget-container\">\n\t\t\t<h2 class=\"elementor-heading-title elementor-size-default\">2022<\/h2>\t\t<\/div>\n\t\t\t\t<\/div>\n\t\t\t\t<div class=\"elementor-element elementor-element-338737c elementor-widget elementor-widget-heading\" data-id=\"338737c\" data-element_type=\"widget\" data-widget_type=\"heading.default\">\n\t\t\t\t<div class=\"elementor-widget-container\">\n\t\t\t<h5 class=\"elementor-heading-title elementor-size-default\">Recital solowy w ramach cyklu \u201eChopin nad wodami Mot\u0142awy\u201d w Polskiej Filharmonii Ba\u0142tyckiej, 19 lipca, Gda\u0144sk<\/h5>\t\t<\/div>\n\t\t\t\t<\/div>\n\t\t\t\t<div class=\"elementor-element elementor-element-877748f elementor-widget elementor-widget-text-editor\" data-id=\"877748f\" data-element_type=\"widget\" data-widget_type=\"text-editor.default\">\n\t\t\t\t<div class=\"elementor-widget-container\">\n\t\t\t\t\t\t\t<p>Gda\u0144sk, Polska<\/p>\t\t\t\t\t\t<\/div>\n\t\t\t\t<\/div>\n\t\t\t\t\t<\/div>\n\t\t<\/div>\n\t\t\t\t\t<\/div>\n\t\t<\/section>\n\t\t\t\t<section class=\"elementor-section elementor-inner-section elementor-element elementor-element-1b2bffd elementor-section-boxed elementor-section-height-default elementor-section-height-default\" data-id=\"1b2bffd\" data-element_type=\"section\">\n\t\t\t\t\t\t<div class=\"elementor-container elementor-column-gap-no\">\n\t\t\t\t\t<div class=\"elementor-column elementor-col-33 elementor-inner-column elementor-element elementor-element-34e1225\" data-id=\"34e1225\" data-element_type=\"column\">\n\t\t\t<div class=\"elementor-widget-wrap elementor-element-populated\">\n\t\t\t\t\t\t<div class=\"elementor-element elementor-element-2ad6f0b elementor-widget elementor-widget-heading\" data-id=\"2ad6f0b\" data-element_type=\"widget\" data-widget_type=\"heading.default\">\n\t\t\t\t<div class=\"elementor-widget-container\">\n\t\t\t<h2 class=\"elementor-heading-title elementor-size-default\">2022<\/h2>\t\t<\/div>\n\t\t\t\t<\/div>\n\t\t\t\t<div class=\"elementor-element elementor-element-f5a9d09 elementor-widget elementor-widget-heading\" data-id=\"f5a9d09\" data-element_type=\"widget\" data-widget_type=\"heading.default\">\n\t\t\t\t<div class=\"elementor-widget-container\">\n\t\t\t<h5 class=\"elementor-heading-title elementor-size-default\">HONOURABLE MENTION TITLE DURING \"MIMAS MUSIC FESTIVAL 2022\", \nMAY 2022\u200b<\/h5>\t\t<\/div>\n\t\t\t\t<\/div>\n\t\t\t\t<div class=\"elementor-element elementor-element-33cdeeb elementor-widget elementor-widget-text-editor\" data-id=\"33cdeeb\" data-element_type=\"widget\" data-widget_type=\"text-editor.default\">\n\t\t\t\t<div class=\"elementor-widget-container\">\n\t\t\t\t\t\t\t<p>Procida, Italy<\/p>\t\t\t\t\t\t<\/div>\n\t\t\t\t<\/div>\n\t\t\t\t\t<\/div>\n\t\t<\/div>\n\t\t\t\t<div class=\"elementor-column elementor-col-33 elementor-inner-column elementor-element elementor-element-b95d8e3\" data-id=\"b95d8e3\" data-element_type=\"column\">\n\t\t\t<div class=\"elementor-widget-wrap elementor-element-populated\">\n\t\t\t\t\t\t<div class=\"elementor-element elementor-element-2d253bf elementor-widget elementor-widget-heading\" data-id=\"2d253bf\" data-element_type=\"widget\" data-widget_type=\"heading.default\">\n\t\t\t\t<div class=\"elementor-widget-container\">\n\t\t\t<h2 class=\"elementor-heading-title elementor-size-default\"><span class=\"elementor-heading-title elementor-size-default elementor-inline-editing pen\" data-elementor-setting-key=\"title\" data-pen-placeholder=\"Pisz tutaj...\" style=\"border: 0px; font-size: 2.5rem; vertical-align: baseline; clear: both; line-height: 1.2;\"><span data-elementor-setting-key=\"title\" data-pen-placeholder=\"Pisz tutaj...\" style=\"border: 0px; font-size: 2.5rem; vertical-align: baseline; clear: both; color: var(--ast-global-color-2); line-height: 1.2;\"><span data-elementor-setting-key=\"title\" data-pen-placeholder=\"Pisz tutaj...\" style=\"border: 0px; font-size: 2.5rem; vertical-align: baseline; clear: both; color: var( --e-global-color-astglobalcolor0 ); line-height: 1.2;\">2023<\/span><\/span><\/span><\/h2>\t\t<\/div>\n\t\t\t\t<\/div>\n\t\t\t\t<div class=\"elementor-element elementor-element-3afe7b1 elementor-widget elementor-widget-heading\" data-id=\"3afe7b1\" data-element_type=\"widget\" data-widget_type=\"heading.default\">\n\t\t\t\t<div class=\"elementor-widget-container\">\n\t\t\t<h5 class=\"elementor-heading-title elementor-size-default\">5TH PRIZE DURING \"MIMAS MUSIC FESTIVAL 2023\", <br>MAY 2023<\/h5>\t\t<\/div>\n\t\t\t\t<\/div>\n\t\t\t\t<div class=\"elementor-element elementor-element-1396223 elementor-widget elementor-widget-text-editor\" data-id=\"1396223\" data-element_type=\"widget\" data-widget_type=\"text-editor.default\">\n\t\t\t\t<div class=\"elementor-widget-container\">\n\t\t\t\t\t\t\t<p>Procida, Italy<br><\/p>\t\t\t\t\t\t<\/div>\n\t\t\t\t<\/div>\n\t\t\t\t\t<\/div>\n\t\t<\/div>\n\t\t\t\t<div class=\"elementor-column elementor-col-33 elementor-inner-column elementor-element elementor-element-f3d7344\" data-id=\"f3d7344\" data-element_type=\"column\">\n\t\t\t<div class=\"elementor-widget-wrap elementor-element-populated\">\n\t\t\t\t\t\t<div class=\"elementor-element elementor-element-eb5ff28 elementor-widget elementor-widget-heading\" data-id=\"eb5ff28\" data-element_type=\"widget\" data-widget_type=\"heading.default\">\n\t\t\t\t<div class=\"elementor-widget-container\">\n\t\t\t<h2 class=\"elementor-heading-title elementor-size-default\"><span data-elementor-setting-key=\"title\" data-pen-placeholder=\"Pisz tutaj...\" style=\"line-height: 1.2; caret-color: rgb(255, 255, 255); font-size: 2.5rem; border: 0px; vertical-align: baseline; clear: both;\"><span data-elementor-setting-key=\"title\" data-pen-placeholder=\"Pisz tutaj...\" style=\"border: 0px; font-size: 2.5rem; vertical-align: baseline; clear: both; color: var(--ast-global-color-2); line-height: 1.2;\"><span data-elementor-setting-key=\"title\" data-pen-placeholder=\"Pisz tutaj...\" style=\"border: 0px; font-size: 2.5rem; vertical-align: baseline; clear: both; color: var( --e-global-color-astglobalcolor0 ); line-height: 1.2;\">2023<\/span><\/span><\/span><\/h2>\t\t<\/div>\n\t\t\t\t<\/div>\n\t\t\t\t<div class=\"elementor-element elementor-element-a091705 elementor-widget elementor-widget-heading\" data-id=\"a091705\" data-element_type=\"widget\" data-widget_type=\"heading.default\">\n\t\t\t\t<div class=\"elementor-widget-container\">\n\t\t\t<h5 class=\"elementor-heading-title elementor-size-default\">PERFORMANCE DURING THE Chopin Marathon organised by the Polish Radio Chopin at the Polish Radio\u2019s Concert Studio S1<\/h5>\t\t<\/div>\n\t\t\t\t<\/div>\n\t\t\t\t<div class=\"elementor-element elementor-element-2583dd6 elementor-widget elementor-widget-text-editor\" data-id=\"2583dd6\" data-element_type=\"widget\" data-widget_type=\"text-editor.default\">\n\t\t\t\t<div class=\"elementor-widget-container\">\n\t\t\t\t\t\t\t<p>Warszawa, Polska<\/p>\t\t\t\t\t\t<\/div>\n\t\t\t\t<\/div>\n\t\t\t\t\t<\/div>\n\t\t<\/div>\n\t\t\t\t\t<\/div>\n\t\t<\/section>\n\t\t\t\t<section class=\"elementor-section elementor-inner-section elementor-element elementor-element-259dc50 elementor-section-boxed elementor-section-height-default elementor-section-height-default\" data-id=\"259dc50\" data-element_type=\"section\">\n\t\t\t\t\t\t<div class=\"elementor-container elementor-column-gap-no\">\n\t\t\t\t\t<div class=\"elementor-column elementor-col-100 elementor-inner-column elementor-element elementor-element-06d1974\" data-id=\"06d1974\" data-element_type=\"column\">\n\t\t\t<div class=\"elementor-widget-wrap elementor-element-populated\">\n\t\t\t\t\t\t<div class=\"elementor-element elementor-element-92bbbcf elementor-widget elementor-widget-heading\" data-id=\"92bbbcf\" data-element_type=\"widget\" data-widget_type=\"heading.default\">\n\t\t\t\t<div class=\"elementor-widget-container\">\n\t\t\t<h2 class=\"elementor-heading-title elementor-size-default\"><span class=\"elementor-heading-title elementor-size-default elementor-inline-editing pen\" data-elementor-setting-key=\"title\" data-pen-placeholder=\"Pisz tutaj...\" style=\"border: 0px; font-size: 2.5rem; vertical-align: baseline; clear: both; line-height: 1.2;\"><span data-elementor-setting-key=\"title\" data-pen-placeholder=\"Pisz tutaj...\" style=\"border: 0px; font-size: 2.5rem; vertical-align: baseline; clear: both; color: var(--ast-global-color-2); line-height: 1.2;\"><span data-elementor-setting-key=\"title\" data-pen-placeholder=\"Pisz tutaj...\" style=\"border: 0px; font-size: 2.5rem; vertical-align: baseline; clear: both; color: var( --e-global-color-astglobalcolor0 ); line-height: 1.2;\">2023<\/span><\/span><\/span><\/h2>\t\t<\/div>\n\t\t\t\t<\/div>\n\t\t\t\t<div class=\"elementor-element elementor-element-fcdacf9 elementor-widget elementor-widget-heading\" data-id=\"fcdacf9\" data-element_type=\"widget\" data-widget_type=\"heading.default\">\n\t\t\t\t<div class=\"elementor-widget-container\">\n\t\t\t<h5 class=\"elementor-heading-title elementor-size-default\">4TH PRIZE DURING the Polish CHOPIN PIANO COMPETITION ORGANISED BY THE FREDERIC CHOPIN NATIONAL INSTITUTE IN WARSAW\u200b<\/h5>\t\t<\/div>\n\t\t\t\t<\/div>\n\t\t\t\t<div class=\"elementor-element elementor-element-e35d490 elementor-widget elementor-widget-text-editor\" data-id=\"e35d490\" data-element_type=\"widget\" data-widget_type=\"text-editor.default\">\n\t\t\t\t<div class=\"elementor-widget-container\">\n\t\t\t\t\t\t\t<p>Warszawa, Polska<\/p>\t\t\t\t\t\t<\/div>\n\t\t\t\t<\/div>\n\t\t\t\t\t<\/div>\n\t\t<\/div>\n\t\t\t\t\t<\/div>\n\t\t<\/section>\n\t\t\t\t\t<\/div>\n\t\t<\/div>\n\t\t\t\t\t<\/div>\n\t\t<\/section>\n\t\t\t\t<\/div>","protected":false},"excerpt":{"rendered":"<p>Biography Biography Education and achievements 2000-2012 Bartosz Sk\u0142odowski began his music education at the age of 7 at the Janina Gar\u015bcia Primary Music School in Jelenia G\u00f3ra in the piano class of Ewa Wieczorek. During years 2006-2012, he studied piano in the piano class of Irina Oleszkiewicz at the Stanis\u0142aw Moniuszko State Secondary Music School &hellip;<\/p>\n<p class=\"read-more\"> <a class=\"\" href=\"https:\/\/bartoszsklodowski.com\/pl\/biography\/\"> <span class=\"screen-reader-text\">BIOGRAFIA<\/span> Read More &raquo;<\/a><\/p>","protected":false},"author":1,"featured_media":0,"parent":0,"menu_order":0,"comment_status":"closed","ping_status":"closed","template":"","meta":{"site-sidebar-layout":"no-sidebar","site-content-layout":"page-builder","ast-global-header-display":"","ast-main-header-display":"","ast-hfb-above-header-display":"","ast-hfb-below-header-display":"","ast-hfb-mobile-header-display":"","site-post-title":"disabled","ast-breadcrumbs-content":"disabled","ast-featured-img":"disabled","footer-sml-layout":"","theme-transparent-header-meta":"enabled","adv-header-id-meta":"","stick-header-meta":"","header-above-stick-meta":"","header-main-stick-meta":"","header-below-stick-meta":"","footnotes":""},"class_list":["post-394","page","type-page","status-publish","hentry"],"_links":{"self":[{"href":"https:\/\/bartoszsklodowski.com\/pl\/wp-json\/wp\/v2\/pages\/394"}],"collection":[{"href":"https:\/\/bartoszsklodowski.com\/pl\/wp-json\/wp\/v2\/pages"}],"about":[{"href":"https:\/\/bartoszsklodowski.com\/pl\/wp-json\/wp\/v2\/types\/page"}],"author":[{"embeddable":true,"href":"https:\/\/bartoszsklodowski.com\/pl\/wp-json\/wp\/v2\/users\/1"}],"replies":[{"embeddable":true,"href":"https:\/\/bartoszsklodowski.com\/pl\/wp-json\/wp\/v2\/comments?post=394"}],"version-history":[{"count":103,"href":"https:\/\/bartoszsklodowski.com\/pl\/wp-json\/wp\/v2\/pages\/394\/revisions"}],"predecessor-version":[{"id":1125,"href":"https:\/\/bartoszsklodowski.com\/pl\/wp-json\/wp\/v2\/pages\/394\/revisions\/1125"}],"wp:attachment":[{"href":"https:\/\/bartoszsklodowski.com\/pl\/wp-json\/wp\/v2\/media?parent=394"}],"curies":[{"name":"wp","href":"https:\/\/api.w.org\/{rel}","templated":true}]}}